{"id":590,"date":"2026-01-19T18:22:52","date_gmt":"2026-01-19T18:22:52","guid":{"rendered":"https:\/\/msnacif.med.br\/home\/?page_id=590"},"modified":"2026-03-04T22:02:49","modified_gmt":"2026-03-04T22:02:49","slug":"blog","status":"publish","type":"page","link":"https:\/\/msnacif.med.br\/home\/blog\/","title":{"rendered":"Blog"},"content":{"rendered":"\t\t<div data-elementor-type=\"wp-page\" data-elementor-id=\"590\" class=\"elementor elementor-590\" data-elementor-post-type=\"page\">\n\t\t\t\t<div class=\"elementor-element elementor-element-e18d6a2 e-flex e-con-boxed e-con e-parent\" data-id=\"e18d6a2\" data-element_type=\"container\" data-settings=\"{&quot;background_background&quot;:&quot;gradient&quot;}\">\n\t\t\t\t\t<div class=\"e-con-inner\">\n\t\t\t\t<div class=\"elementor-element elementor-element-7b3ec30 elementor-widget elementor-widget-heading\" data-id=\"7b3ec30\" data-element_type=\"widget\" data-widget_type=\"heading.default\">\n\t\t\t\t<div class=\"elementor-widget-container\">\n\t\t\t\t\t<h2 class=\"elementor-heading-title elementor-size-default\">BLOG<\/h2>\t\t\t\t<\/div>\n\t\t\t\t<\/div>\n\t\t\t\t\t<\/div>\n\t\t\t\t<\/div>\n\t\t<div class=\"elementor-element elementor-element-7803064 e-flex e-con-boxed e-con e-parent\" data-id=\"7803064\" data-element_type=\"container\">\n\t\t\t\t\t<div class=\"e-con-inner\">\n\t\t\t\t<div class=\"elementor-element elementor-element-abd4b54 elementor-grid-3 elementor-grid-tablet-2 elementor-grid-mobile-1 elementor-widget elementor-widget-loop-grid\" data-id=\"abd4b54\" data-element_type=\"widget\" data-settings=\"{&quot;template_id&quot;:&quot;512&quot;,&quot;pagination_type&quot;:&quot;numbers&quot;,&quot;_skin&quot;:&quot;post&quot;,&quot;columns&quot;:&quot;3&quot;,&quot;columns_tablet&quot;:&quot;2&quot;,&quot;columns_mobile&quot;:&quot;1&quot;,&quot;edit_handle_selector&quot;:&quot;[data-elementor-type=\\&quot;loop-item\\&quot;]&quot;,&quot;pagination_load_type&quot;:&quot;page_reload&quot;,&quot;row_gap&quot;:{&quot;unit&quot;:&quot;px&quot;,&quot;size&quot;:&quot;&quot;,&quot;sizes&quot;:[]},&quot;row_gap_tablet&quot;:{&quot;unit&quot;:&quot;px&quot;,&quot;size&quot;:&quot;&quot;,&quot;sizes&quot;:[]},&quot;row_gap_mobile&quot;:{&quot;unit&quot;:&quot;px&quot;,&quot;size&quot;:&quot;&quot;,&quot;sizes&quot;:[]}}\" data-widget_type=\"loop-grid.post\">\n\t\t\t\t<div class=\"elementor-widget-container\">\n\t\t\t\t\t\t\t<div class=\"elementor-loop-container elementor-grid\">\n\t\t<style id=\"loop-512\">.elementor-512 .elementor-element.elementor-element-3d10b60{--display:flex;--min-height:550px;--flex-direction:column;--container-widget-width:calc( ( 1 - var( --container-widget-flex-grow ) ) * 100% );--container-widget-height:initial;--container-widget-flex-grow:0;--container-widget-align-self:initial;--flex-wrap-mobile:wrap;--justify-content:flex-start;--align-items:flex-end;border-style:none;--border-style:none;}.elementor-512 .elementor-element.elementor-element-9ad581e{text-align:center;}.elementor-512 .elementor-element.elementor-element-9ad581e img{width:100%;max-width:100%;height:400px;object-fit:cover;object-position:center center;border-radius:10px 10px 10px 10px;}.elementor-512 .elementor-element.elementor-element-004f866{text-align:left;}.elementor-512 .elementor-element.elementor-element-004f866 .elementor-heading-title{font-size:0.9rem;}.elementor-512 .elementor-element.elementor-element-6cc3a7c .elementor-button{background-color:#00000000;fill:var( --e-global-color-5e6752b );color:var( --e-global-color-5e6752b );}.elementor-512 .elementor-element.elementor-element-6cc3a7c .elementor-button-content-wrapper{flex-direction:row-reverse;}\/* Start custom CSS for theme-post-featured-image, class: .elementor-element-9ad581e *\/.elementor-512 .elementor-element.elementor-element-9ad581e img{\naspect-ratio: 1 \/ 1;\nobject-fit: cover;\nwidth: 100%;\n}\/* End custom CSS *\/<\/style>\t\t<div data-elementor-type=\"loop-item\" data-elementor-id=\"512\" class=\"elementor elementor-512 e-loop-item e-loop-item-731 post-731 post type-post status-publish format-standard has-post-thumbnail hentry category-uncategorized\" data-elementor-post-type=\"elementor_library\" data-custom-edit-handle=\"1\">\n\t\t\t<div class=\"elementor-element elementor-element-3d10b60 e-flex e-con-boxed e-con e-parent\" data-id=\"3d10b60\" data-element_type=\"container\">\n\t\t\t\t\t<div class=\"e-con-inner\">\n\t\t\t\t<div class=\"elementor-element elementor-element-9ad581e elementor-widget elementor-widget-theme-post-featured-image elementor-widget-image\" data-id=\"9ad581e\" data-element_type=\"widget\" data-widget_type=\"theme-post-featured-image.default\">\n\t\t\t\t<div class=\"elementor-widget-container\">\n\t\t\t\t\t\t\t\t\t\t\t\t\t\t\t\t<a href=\"https:\/\/msnacif.med.br\/home\/ressonancia-magnetica-de-corpo-inteiro\/\">\n\t\t\t\t\t\t\t<img fetchpriority=\"high\" decoding=\"async\" width=\"355\" height=\"224\" src=\"https:\/\/msnacif.med.br\/home\/wp-content\/uploads\/2026\/04\/WhatsApp-Image-2026-04-22-at-21.50.06-e1776971225211.jpeg\" class=\"attachment-full size-full wp-image-736\" alt=\"\" srcset=\"https:\/\/msnacif.med.br\/home\/wp-content\/uploads\/2026\/04\/WhatsApp-Image-2026-04-22-at-21.50.06-e1776971225211.jpeg 355w, https:\/\/msnacif.med.br\/home\/wp-content\/uploads\/2026\/04\/WhatsApp-Image-2026-04-22-at-21.50.06-e1776971225211-300x189.jpeg 300w\" sizes=\"(max-width: 355px) 100vw, 355px\" \/>\t\t\t\t\t\t\t\t<\/a>\n\t\t\t\t\t\t\t\t\t\t\t\t\t\t\t<\/div>\n\t\t\t\t<\/div>\n\t\t\t\t<div class=\"elementor-element elementor-element-004f866 elementor-widget elementor-widget-theme-post-title elementor-page-title elementor-widget-heading\" data-id=\"004f866\" data-element_type=\"widget\" data-widget_type=\"theme-post-title.default\">\n\t\t\t\t<div class=\"elementor-widget-container\">\n\t\t\t\t\t<h1 class=\"elementor-heading-title elementor-size-default\"><a href=\"https:\/\/msnacif.med.br\/home\/ressonancia-magnetica-de-corpo-inteiro\/\">Resson\u00e2ncia magn\u00e9tica de corpo inteiro<\/a><\/h1>\t\t\t\t<\/div>\n\t\t\t\t<\/div>\n\t\t\t\t<div class=\"elementor-element elementor-element-6cc3a7c elementor-align-right elementor-widget elementor-widget-button\" data-id=\"6cc3a7c\" data-element_type=\"widget\" data-widget_type=\"button.default\">\n\t\t\t\t<div class=\"elementor-widget-container\">\n\t\t\t\t\t\t\t\t\t<div class=\"elementor-button-wrapper\">\n\t\t\t\t\t<a class=\"elementor-button elementor-button-link elementor-size-sm\" href=\"https:\/\/msnacif.med.br\/home\/ressonancia-magnetica-de-corpo-inteiro\/\">\n\t\t\t\t\t\t<span class=\"elementor-button-content-wrapper\">\n\t\t\t\t\t\t<span class=\"elementor-button-icon\">\n\t\t\t\t<i aria-hidden=\"true\" class=\"jki jki-right-arrow-8\"><\/i>\t\t\t<\/span>\n\t\t\t\t\t\t\t\t\t<span class=\"elementor-button-text\">Ver Mais<\/span>\n\t\t\t\t\t<\/span>\n\t\t\t\t\t<\/a>\n\t\t\t\t<\/div>\n\t\t\t\t\t\t\t\t<\/div>\n\t\t\t\t<\/div>\n\t\t\t\t\t<\/div>\n\t\t\t\t<\/div>\n\t\t\t\t<\/div>\n\t\t\t\t<div data-elementor-type=\"loop-item\" data-elementor-id=\"512\" class=\"elementor elementor-512 e-loop-item e-loop-item-708 post-708 post type-post status-publish format-standard has-post-thumbnail hentry category-blog\" data-elementor-post-type=\"elementor_library\" data-custom-edit-handle=\"1\">\n\t\t\t<div class=\"elementor-element elementor-element-3d10b60 e-flex e-con-boxed e-con e-parent\" data-id=\"3d10b60\" data-element_type=\"container\">\n\t\t\t\t\t<div class=\"e-con-inner\">\n\t\t\t\t<div class=\"elementor-element elementor-element-9ad581e elementor-widget elementor-widget-theme-post-featured-image elementor-widget-image\" data-id=\"9ad581e\" data-element_type=\"widget\" data-widget_type=\"theme-post-featured-image.default\">\n\t\t\t\t<div class=\"elementor-widget-container\">\n\t\t\t\t\t\t\t\t\t\t\t\t\t\t\t\t<a href=\"https:\/\/msnacif.med.br\/home\/atencao-escore-de-calcio-exclusivo-para-estratificacao-de-risco-cardiovascular\/\">\n\t\t\t\t\t\t\t<img decoding=\"async\" width=\"1536\" height=\"1024\" src=\"https:\/\/msnacif.med.br\/home\/wp-content\/uploads\/2026\/04\/IMG-20260401-WA0025.jpg\" class=\"attachment-full size-full wp-image-713\" alt=\"\" srcset=\"https:\/\/msnacif.med.br\/home\/wp-content\/uploads\/2026\/04\/IMG-20260401-WA0025.jpg 1536w, https:\/\/msnacif.med.br\/home\/wp-content\/uploads\/2026\/04\/IMG-20260401-WA0025-300x200.jpg 300w, https:\/\/msnacif.med.br\/home\/wp-content\/uploads\/2026\/04\/IMG-20260401-WA0025-1024x683.jpg 1024w, https:\/\/msnacif.med.br\/home\/wp-content\/uploads\/2026\/04\/IMG-20260401-WA0025-768x512.jpg 768w\" sizes=\"(max-width: 1536px) 100vw, 1536px\" \/>\t\t\t\t\t\t\t\t<\/a>\n\t\t\t\t\t\t\t\t\t\t\t\t\t\t\t<\/div>\n\t\t\t\t<\/div>\n\t\t\t\t<div class=\"elementor-element elementor-element-004f866 elementor-widget elementor-widget-theme-post-title elementor-page-title elementor-widget-heading\" data-id=\"004f866\" data-element_type=\"widget\" data-widget_type=\"theme-post-title.default\">\n\t\t\t\t<div class=\"elementor-widget-container\">\n\t\t\t\t\t<h1 class=\"elementor-heading-title elementor-size-default\"><a href=\"https:\/\/msnacif.med.br\/home\/atencao-escore-de-calcio-exclusivo-para-estratificacao-de-risco-cardiovascular\/\">Aten\u00e7\u00e3o! Escore de c\u00e1lcio exclusivo para estratifica\u00e7\u00e3o de risco cardiovascular.<\/a><\/h1>\t\t\t\t<\/div>\n\t\t\t\t<\/div>\n\t\t\t\t<div class=\"elementor-element elementor-element-107d8f1 elementor-widget elementor-widget-theme-post-excerpt\" data-id=\"107d8f1\" data-element_type=\"widget\" data-widget_type=\"theme-post-excerpt.default\">\n\t\t\t\t<div class=\"elementor-widget-container\">\n\t\t\t\t\tAngioTC de coron\u00e1ria: uma forma de personalizar e acompanhar o tratamento da aterosclerose Como m\u00e9dico que realiza angioTC de coron\u00e1ria h\u00e1 mais de duas d\u00e9cadas, entendo que o maior valor do m\u00e9todo n\u00e3o est\u00e1 apenas em identificar estenose significativa. O verdadeiro ganho cl\u00ednico da angiotomografia coron\u00e1ria \u00e9 permitir que o m\u00e9dico deixe de trabalhar exclusivamente com probabilidade estat\u00edstica e passe a visualizar a doen\u00e7a ateroscler\u00f3tica de forma concreta, individualizada e biologicamente coerente.\t\t\t\t<\/div>\n\t\t\t\t<\/div>\n\t\t\t\t<div class=\"elementor-element elementor-element-6cc3a7c elementor-align-right elementor-widget elementor-widget-button\" data-id=\"6cc3a7c\" data-element_type=\"widget\" data-widget_type=\"button.default\">\n\t\t\t\t<div class=\"elementor-widget-container\">\n\t\t\t\t\t\t\t\t\t<div class=\"elementor-button-wrapper\">\n\t\t\t\t\t<a class=\"elementor-button elementor-button-link elementor-size-sm\" href=\"https:\/\/msnacif.med.br\/home\/atencao-escore-de-calcio-exclusivo-para-estratificacao-de-risco-cardiovascular\/\">\n\t\t\t\t\t\t<span class=\"elementor-button-content-wrapper\">\n\t\t\t\t\t\t<span class=\"elementor-button-icon\">\n\t\t\t\t<i aria-hidden=\"true\" class=\"jki jki-right-arrow-8\"><\/i>\t\t\t<\/span>\n\t\t\t\t\t\t\t\t\t<span class=\"elementor-button-text\">Ver Mais<\/span>\n\t\t\t\t\t<\/span>\n\t\t\t\t\t<\/a>\n\t\t\t\t<\/div>\n\t\t\t\t\t\t\t\t<\/div>\n\t\t\t\t<\/div>\n\t\t\t\t\t<\/div>\n\t\t\t\t<\/div>\n\t\t\t\t<\/div>\n\t\t\t\t<div data-elementor-type=\"loop-item\" data-elementor-id=\"512\" class=\"elementor elementor-512 e-loop-item e-loop-item-685 post-685 post type-post status-publish format-standard has-post-thumbnail hentry category-blog\" data-elementor-post-type=\"elementor_library\" data-custom-edit-handle=\"1\">\n\t\t\t<div class=\"elementor-element elementor-element-3d10b60 e-flex e-con-boxed e-con e-parent\" data-id=\"3d10b60\" data-element_type=\"container\">\n\t\t\t\t\t<div class=\"e-con-inner\">\n\t\t\t\t<div class=\"elementor-element elementor-element-9ad581e elementor-widget elementor-widget-theme-post-featured-image elementor-widget-image\" data-id=\"9ad581e\" data-element_type=\"widget\" data-widget_type=\"theme-post-featured-image.default\">\n\t\t\t\t<div class=\"elementor-widget-container\">\n\t\t\t\t\t\t\t\t\t\t\t\t\t\t\t\t<a href=\"https:\/\/msnacif.med.br\/home\/medicina-baseada-em-valor-angiotc-de-coronaria-uma-forma-de-personalizar-e-acompanhar-o-tratamento-da-aterosclerose\/\">\n\t\t\t\t\t\t\t<img decoding=\"async\" width=\"1536\" height=\"1024\" src=\"https:\/\/msnacif.med.br\/home\/wp-content\/uploads\/2026\/03\/WhatsApp-Image-2026-03-16-at-12.26.40.jpeg\" class=\"attachment-full size-full wp-image-692\" alt=\"\" srcset=\"https:\/\/msnacif.med.br\/home\/wp-content\/uploads\/2026\/03\/WhatsApp-Image-2026-03-16-at-12.26.40.jpeg 1536w, https:\/\/msnacif.med.br\/home\/wp-content\/uploads\/2026\/03\/WhatsApp-Image-2026-03-16-at-12.26.40-300x200.jpeg 300w, https:\/\/msnacif.med.br\/home\/wp-content\/uploads\/2026\/03\/WhatsApp-Image-2026-03-16-at-12.26.40-1024x683.jpeg 1024w, https:\/\/msnacif.med.br\/home\/wp-content\/uploads\/2026\/03\/WhatsApp-Image-2026-03-16-at-12.26.40-768x512.jpeg 768w\" sizes=\"(max-width: 1536px) 100vw, 1536px\" \/>\t\t\t\t\t\t\t\t<\/a>\n\t\t\t\t\t\t\t\t\t\t\t\t\t\t\t<\/div>\n\t\t\t\t<\/div>\n\t\t\t\t<div class=\"elementor-element elementor-element-004f866 elementor-widget elementor-widget-theme-post-title elementor-page-title elementor-widget-heading\" data-id=\"004f866\" data-element_type=\"widget\" data-widget_type=\"theme-post-title.default\">\n\t\t\t\t<div class=\"elementor-widget-container\">\n\t\t\t\t\t<h1 class=\"elementor-heading-title elementor-size-default\"><a href=\"https:\/\/msnacif.med.br\/home\/medicina-baseada-em-valor-angiotc-de-coronaria-uma-forma-de-personalizar-e-acompanhar-o-tratamento-da-aterosclerose\/\">Medicina baseada Em valor<\/a><\/h1>\t\t\t\t<\/div>\n\t\t\t\t<\/div>\n\t\t\t\t<div class=\"elementor-element elementor-element-107d8f1 elementor-widget elementor-widget-theme-post-excerpt\" data-id=\"107d8f1\" data-element_type=\"widget\" data-widget_type=\"theme-post-excerpt.default\">\n\t\t\t\t<div class=\"elementor-widget-container\">\n\t\t\t\t\tAngioTC de coron\u00e1ria: uma forma de personalizar e acompanhar o tratamento da aterosclerose Como m\u00e9dico que realiza angioTC de coron\u00e1ria h\u00e1 mais de duas d\u00e9cadas, entendo que o maior valor do m\u00e9todo n\u00e3o est\u00e1 apenas em identificar estenose significativa. O verdadeiro ganho cl\u00ednico da angiotomografia coron\u00e1ria \u00e9 permitir que o m\u00e9dico deixe de trabalhar exclusivamente com probabilidade estat\u00edstica e passe a visualizar a doen\u00e7a ateroscler\u00f3tica de forma concreta, individualizada e biologicamente coerente.\t\t\t\t<\/div>\n\t\t\t\t<\/div>\n\t\t\t\t<div class=\"elementor-element elementor-element-6cc3a7c elementor-align-right elementor-widget elementor-widget-button\" data-id=\"6cc3a7c\" data-element_type=\"widget\" data-widget_type=\"button.default\">\n\t\t\t\t<div class=\"elementor-widget-container\">\n\t\t\t\t\t\t\t\t\t<div class=\"elementor-button-wrapper\">\n\t\t\t\t\t<a class=\"elementor-button elementor-button-link elementor-size-sm\" href=\"https:\/\/msnacif.med.br\/home\/medicina-baseada-em-valor-angiotc-de-coronaria-uma-forma-de-personalizar-e-acompanhar-o-tratamento-da-aterosclerose\/\">\n\t\t\t\t\t\t<span class=\"elementor-button-content-wrapper\">\n\t\t\t\t\t\t<span class=\"elementor-button-icon\">\n\t\t\t\t<i aria-hidden=\"true\" class=\"jki jki-right-arrow-8\"><\/i>\t\t\t<\/span>\n\t\t\t\t\t\t\t\t\t<span class=\"elementor-button-text\">Ver Mais<\/span>\n\t\t\t\t\t<\/span>\n\t\t\t\t\t<\/a>\n\t\t\t\t<\/div>\n\t\t\t\t\t\t\t\t<\/div>\n\t\t\t\t<\/div>\n\t\t\t\t\t<\/div>\n\t\t\t\t<\/div>\n\t\t\t\t<\/div>\n\t\t\t\t<div data-elementor-type=\"loop-item\" data-elementor-id=\"512\" class=\"elementor elementor-512 e-loop-item e-loop-item-628 post-628 post type-post status-publish format-standard has-post-thumbnail hentry category-blog category-uncategorized\" data-elementor-post-type=\"elementor_library\" data-custom-edit-handle=\"1\">\n\t\t\t<div class=\"elementor-element elementor-element-3d10b60 e-flex e-con-boxed e-con e-parent\" data-id=\"3d10b60\" data-element_type=\"container\">\n\t\t\t\t\t<div class=\"e-con-inner\">\n\t\t\t\t<div class=\"elementor-element elementor-element-9ad581e elementor-widget elementor-widget-theme-post-featured-image elementor-widget-image\" data-id=\"9ad581e\" data-element_type=\"widget\" data-widget_type=\"theme-post-featured-image.default\">\n\t\t\t\t<div class=\"elementor-widget-container\">\n\t\t\t\t\t\t\t\t\t\t\t\t\t\t\t\t<a href=\"https:\/\/msnacif.med.br\/home\/analise-evolutiva-por-ressonancia-magnetica-de-metastases-hepaticas-pos-quimioterapia\/\">\n\t\t\t\t\t\t\t<img loading=\"lazy\" decoding=\"async\" width=\"797\" height=\"1074\" src=\"https:\/\/msnacif.med.br\/home\/wp-content\/uploads\/2026\/03\/WhatsApp-Image-2026-03-03-at-14.46.23-1.jpeg\" class=\"attachment-full size-full wp-image-629\" alt=\"\" srcset=\"https:\/\/msnacif.med.br\/home\/wp-content\/uploads\/2026\/03\/WhatsApp-Image-2026-03-03-at-14.46.23-1.jpeg 797w, https:\/\/msnacif.med.br\/home\/wp-content\/uploads\/2026\/03\/WhatsApp-Image-2026-03-03-at-14.46.23-1-223x300.jpeg 223w, https:\/\/msnacif.med.br\/home\/wp-content\/uploads\/2026\/03\/WhatsApp-Image-2026-03-03-at-14.46.23-1-760x1024.jpeg 760w, https:\/\/msnacif.med.br\/home\/wp-content\/uploads\/2026\/03\/WhatsApp-Image-2026-03-03-at-14.46.23-1-768x1035.jpeg 768w\" sizes=\"(max-width: 797px) 100vw, 797px\" \/>\t\t\t\t\t\t\t\t<\/a>\n\t\t\t\t\t\t\t\t\t\t\t\t\t\t\t<\/div>\n\t\t\t\t<\/div>\n\t\t\t\t<div class=\"elementor-element elementor-element-004f866 elementor-widget elementor-widget-theme-post-title elementor-page-title elementor-widget-heading\" data-id=\"004f866\" data-element_type=\"widget\" data-widget_type=\"theme-post-title.default\">\n\t\t\t\t<div class=\"elementor-widget-container\">\n\t\t\t\t\t<h1 class=\"elementor-heading-title elementor-size-default\"><a href=\"https:\/\/msnacif.med.br\/home\/analise-evolutiva-por-ressonancia-magnetica-de-metastases-hepaticas-pos-quimioterapia\/\">An\u00e1lise evolutiva por resson\u00e2ncia magn\u00e9tica de met\u00e1stases hep\u00e1ticas p\u00f3s-quimioterapia<\/a><\/h1>\t\t\t\t<\/div>\n\t\t\t\t<\/div>\n\t\t\t\t<div class=\"elementor-element elementor-element-107d8f1 elementor-widget elementor-widget-theme-post-excerpt\" data-id=\"107d8f1\" data-element_type=\"widget\" data-widget_type=\"theme-post-excerpt.default\">\n\t\t\t\t<div class=\"elementor-widget-container\">\n\t\t\t\t\tA avalia\u00e7\u00e3o evolutiva por resson\u00e2ncia magn\u00e9tica (RM) do f\u00edgado em pacientes com met\u00e1stases hep\u00e1ticas de adenocarcinoma de c\u00f3lon ap\u00f3s quimioterapia \u00e9 um passo fundamental na radiologia oncol\u00f3gica moderna. Em muitos casos, a redu\u00e7\u00e3o do tamanho da les\u00e3o n\u00e3o \u00e9 suficiente para definir resposta completa, pois les\u00f5es residuais podem corresponder a tumor vi\u00e1vel, fibrose\/cicatriz p\u00f3s-tratamento ou necrose.\t\t\t\t<\/div>\n\t\t\t\t<\/div>\n\t\t\t\t<div class=\"elementor-element elementor-element-6cc3a7c elementor-align-right elementor-widget elementor-widget-button\" data-id=\"6cc3a7c\" data-element_type=\"widget\" data-widget_type=\"button.default\">\n\t\t\t\t<div class=\"elementor-widget-container\">\n\t\t\t\t\t\t\t\t\t<div class=\"elementor-button-wrapper\">\n\t\t\t\t\t<a class=\"elementor-button elementor-button-link elementor-size-sm\" href=\"https:\/\/msnacif.med.br\/home\/analise-evolutiva-por-ressonancia-magnetica-de-metastases-hepaticas-pos-quimioterapia\/\">\n\t\t\t\t\t\t<span class=\"elementor-button-content-wrapper\">\n\t\t\t\t\t\t<span class=\"elementor-button-icon\">\n\t\t\t\t<i aria-hidden=\"true\" class=\"jki jki-right-arrow-8\"><\/i>\t\t\t<\/span>\n\t\t\t\t\t\t\t\t\t<span class=\"elementor-button-text\">Ver Mais<\/span>\n\t\t\t\t\t<\/span>\n\t\t\t\t\t<\/a>\n\t\t\t\t<\/div>\n\t\t\t\t\t\t\t\t<\/div>\n\t\t\t\t<\/div>\n\t\t\t\t\t<\/div>\n\t\t\t\t<\/div>\n\t\t\t\t<\/div>\n\t\t\t\t<div data-elementor-type=\"loop-item\" data-elementor-id=\"512\" class=\"elementor elementor-512 e-loop-item e-loop-item-610 post-610 post type-post status-publish format-standard has-post-thumbnail hentry category-blog category-uncategorized\" data-elementor-post-type=\"elementor_library\" data-custom-edit-handle=\"1\">\n\t\t\t<div class=\"elementor-element elementor-element-3d10b60 e-flex e-con-boxed e-con e-parent\" data-id=\"3d10b60\" data-element_type=\"container\">\n\t\t\t\t\t<div class=\"e-con-inner\">\n\t\t\t\t<div class=\"elementor-element elementor-element-9ad581e elementor-widget elementor-widget-theme-post-featured-image elementor-widget-image\" data-id=\"9ad581e\" data-element_type=\"widget\" data-widget_type=\"theme-post-featured-image.default\">\n\t\t\t\t<div class=\"elementor-widget-container\">\n\t\t\t\t\t\t\t\t\t\t\t\t\t\t\t\t<a href=\"https:\/\/msnacif.med.br\/home\/angiotc-de-coronarias-ccta\/\">\n\t\t\t\t\t\t\t<img loading=\"lazy\" decoding=\"async\" width=\"949\" height=\"1280\" src=\"https:\/\/msnacif.med.br\/home\/wp-content\/uploads\/2026\/02\/WhatsApp-Image-2026-02-02-at-18.51.56.jpeg\" class=\"attachment-full size-full wp-image-619\" alt=\"\" srcset=\"https:\/\/msnacif.med.br\/home\/wp-content\/uploads\/2026\/02\/WhatsApp-Image-2026-02-02-at-18.51.56.jpeg 949w, https:\/\/msnacif.med.br\/home\/wp-content\/uploads\/2026\/02\/WhatsApp-Image-2026-02-02-at-18.51.56-222x300.jpeg 222w, https:\/\/msnacif.med.br\/home\/wp-content\/uploads\/2026\/02\/WhatsApp-Image-2026-02-02-at-18.51.56-759x1024.jpeg 759w, https:\/\/msnacif.med.br\/home\/wp-content\/uploads\/2026\/02\/WhatsApp-Image-2026-02-02-at-18.51.56-768x1036.jpeg 768w\" sizes=\"(max-width: 949px) 100vw, 949px\" \/>\t\t\t\t\t\t\t\t<\/a>\n\t\t\t\t\t\t\t\t\t\t\t\t\t\t\t<\/div>\n\t\t\t\t<\/div>\n\t\t\t\t<div class=\"elementor-element elementor-element-004f866 elementor-widget elementor-widget-theme-post-title elementor-page-title elementor-widget-heading\" data-id=\"004f866\" data-element_type=\"widget\" data-widget_type=\"theme-post-title.default\">\n\t\t\t\t<div class=\"elementor-widget-container\">\n\t\t\t\t\t<h1 class=\"elementor-heading-title elementor-size-default\"><a href=\"https:\/\/msnacif.med.br\/home\/angiotc-de-coronarias-ccta\/\">angioTC de coron\u00e1rias (CCTA)<\/a><\/h1>\t\t\t\t<\/div>\n\t\t\t\t<\/div>\n\t\t\t\t<div class=\"elementor-element elementor-element-107d8f1 elementor-widget elementor-widget-theme-post-excerpt\" data-id=\"107d8f1\" data-element_type=\"widget\" data-widget_type=\"theme-post-excerpt.default\">\n\t\t\t\t<div class=\"elementor-widget-container\">\n\t\t\t\t\tgrande estudo populacional recente (JAMA), com quase 25 mil indiv\u00edduos de 50 a 64 anos sem doen\u00e7a cardiovascular conhecida e seguimento de aproximadamente 8 anos, mostrou que a presen\u00e7a de placa n\u00e3o calcificada na CCTA se ...\t\t\t\t<\/div>\n\t\t\t\t<\/div>\n\t\t\t\t<div class=\"elementor-element elementor-element-6cc3a7c elementor-align-right elementor-widget elementor-widget-button\" data-id=\"6cc3a7c\" data-element_type=\"widget\" data-widget_type=\"button.default\">\n\t\t\t\t<div class=\"elementor-widget-container\">\n\t\t\t\t\t\t\t\t\t<div class=\"elementor-button-wrapper\">\n\t\t\t\t\t<a class=\"elementor-button elementor-button-link elementor-size-sm\" href=\"https:\/\/msnacif.med.br\/home\/angiotc-de-coronarias-ccta\/\">\n\t\t\t\t\t\t<span class=\"elementor-button-content-wrapper\">\n\t\t\t\t\t\t<span class=\"elementor-button-icon\">\n\t\t\t\t<i aria-hidden=\"true\" class=\"jki jki-right-arrow-8\"><\/i>\t\t\t<\/span>\n\t\t\t\t\t\t\t\t\t<span class=\"elementor-button-text\">Ver Mais<\/span>\n\t\t\t\t\t<\/span>\n\t\t\t\t\t<\/a>\n\t\t\t\t<\/div>\n\t\t\t\t\t\t\t\t<\/div>\n\t\t\t\t<\/div>\n\t\t\t\t\t<\/div>\n\t\t\t\t<\/div>\n\t\t\t\t<\/div>\n\t\t\t\t<div data-elementor-type=\"loop-item\" data-elementor-id=\"512\" class=\"elementor elementor-512 e-loop-item e-loop-item-574 post-574 post type-post status-publish format-standard has-post-thumbnail hentry category-uncategorized\" data-elementor-post-type=\"elementor_library\" data-custom-edit-handle=\"1\">\n\t\t\t<div class=\"elementor-element elementor-element-3d10b60 e-flex e-con-boxed e-con e-parent\" data-id=\"3d10b60\" data-element_type=\"container\">\n\t\t\t\t\t<div class=\"e-con-inner\">\n\t\t\t\t<div class=\"elementor-element elementor-element-9ad581e elementor-widget elementor-widget-theme-post-featured-image elementor-widget-image\" data-id=\"9ad581e\" data-element_type=\"widget\" data-widget_type=\"theme-post-featured-image.default\">\n\t\t\t\t<div class=\"elementor-widget-container\">\n\t\t\t\t\t\t\t\t\t\t\t\t\t\t\t\t<a href=\"https:\/\/msnacif.med.br\/home\/radiologia-pratica-e-o-contato-com-o-paciente-um-valor-que-precisamos-resgatar\/\">\n\t\t\t\t\t\t\t<img loading=\"lazy\" decoding=\"async\" width=\"1024\" height=\"1024\" src=\"https:\/\/msnacif.med.br\/home\/wp-content\/uploads\/2026\/01\/WhatsApp-Image-2026-01-16-at-09.47.05.jpeg\" class=\"attachment-full size-full wp-image-576\" alt=\"Esta imagem representa uma brincadeira entre a filosofia e a radiologia do futuro. Vamos nos preparar.\" srcset=\"https:\/\/msnacif.med.br\/home\/wp-content\/uploads\/2026\/01\/WhatsApp-Image-2026-01-16-at-09.47.05.jpeg 1024w, https:\/\/msnacif.med.br\/home\/wp-content\/uploads\/2026\/01\/WhatsApp-Image-2026-01-16-at-09.47.05-300x300.jpeg 300w, https:\/\/msnacif.med.br\/home\/wp-content\/uploads\/2026\/01\/WhatsApp-Image-2026-01-16-at-09.47.05-150x150.jpeg 150w, https:\/\/msnacif.med.br\/home\/wp-content\/uploads\/2026\/01\/WhatsApp-Image-2026-01-16-at-09.47.05-768x768.jpeg 768w\" sizes=\"(max-width: 1024px) 100vw, 1024px\" \/>\t\t\t\t\t\t\t\t<\/a>\n\t\t\t\t\t\t\t\t\t\t\t\t\t\t\t<\/div>\n\t\t\t\t<\/div>\n\t\t\t\t<div class=\"elementor-element elementor-element-004f866 elementor-widget elementor-widget-theme-post-title elementor-page-title elementor-widget-heading\" data-id=\"004f866\" data-element_type=\"widget\" data-widget_type=\"theme-post-title.default\">\n\t\t\t\t<div class=\"elementor-widget-container\">\n\t\t\t\t\t<h1 class=\"elementor-heading-title elementor-size-default\"><a href=\"https:\/\/msnacif.med.br\/home\/radiologia-pratica-e-o-contato-com-o-paciente-um-valor-que-precisamos-resgatar\/\">Radiologia Pr\u00e1tica e o Contato com o Paciente: um valor que precisamos resgatar<\/a><\/h1>\t\t\t\t<\/div>\n\t\t\t\t<\/div>\n\t\t\t\t<div class=\"elementor-element elementor-element-107d8f1 elementor-widget elementor-widget-theme-post-excerpt\" data-id=\"107d8f1\" data-element_type=\"widget\" data-widget_type=\"theme-post-excerpt.default\">\n\t\t\t\t<div class=\"elementor-widget-container\">\n\t\t\t\t\tCom o aumento expressivo da demanda por exames de imagem, a forma\u00e7\u00e3o de grandes grupos, a subultraespecializa\u00e7\u00e3o e a expans\u00e3o da telerradiologia, muitos fluxos passaram a ser desenhados com foco absoluto em efici\u00eancia operacional.\t\t\t\t<\/div>\n\t\t\t\t<\/div>\n\t\t\t\t<div class=\"elementor-element elementor-element-6cc3a7c elementor-align-right elementor-widget elementor-widget-button\" data-id=\"6cc3a7c\" data-element_type=\"widget\" data-widget_type=\"button.default\">\n\t\t\t\t<div class=\"elementor-widget-container\">\n\t\t\t\t\t\t\t\t\t<div class=\"elementor-button-wrapper\">\n\t\t\t\t\t<a class=\"elementor-button elementor-button-link elementor-size-sm\" href=\"https:\/\/msnacif.med.br\/home\/radiologia-pratica-e-o-contato-com-o-paciente-um-valor-que-precisamos-resgatar\/\">\n\t\t\t\t\t\t<span class=\"elementor-button-content-wrapper\">\n\t\t\t\t\t\t<span class=\"elementor-button-icon\">\n\t\t\t\t<i aria-hidden=\"true\" class=\"jki jki-right-arrow-8\"><\/i>\t\t\t<\/span>\n\t\t\t\t\t\t\t\t\t<span class=\"elementor-button-text\">Ver Mais<\/span>\n\t\t\t\t\t<\/span>\n\t\t\t\t\t<\/a>\n\t\t\t\t<\/div>\n\t\t\t\t\t\t\t\t<\/div>\n\t\t\t\t<\/div>\n\t\t\t\t\t<\/div>\n\t\t\t\t<\/div>\n\t\t\t\t<\/div>\n\t\t\t\t<div data-elementor-type=\"loop-item\" data-elementor-id=\"512\" class=\"elementor elementor-512 e-loop-item e-loop-item-509 post-509 post type-post status-publish format-standard has-post-thumbnail hentry category-uncategorized\" data-elementor-post-type=\"elementor_library\" data-custom-edit-handle=\"1\">\n\t\t\t<div class=\"elementor-element elementor-element-3d10b60 e-flex e-con-boxed e-con e-parent\" data-id=\"3d10b60\" data-element_type=\"container\">\n\t\t\t\t\t<div class=\"e-con-inner\">\n\t\t\t\t<div class=\"elementor-element elementor-element-9ad581e elementor-widget elementor-widget-theme-post-featured-image elementor-widget-image\" data-id=\"9ad581e\" data-element_type=\"widget\" data-widget_type=\"theme-post-featured-image.default\">\n\t\t\t\t<div class=\"elementor-widget-container\">\n\t\t\t\t\t\t\t\t\t\t\t\t\t\t\t\t<a href=\"https:\/\/msnacif.med.br\/home\/magem-cardiovascular-sbc-e-cbr-publicam-a-diretriz-2024-estabelecendo-o-padrao-ouro-para-tc-e-rmc-no-brasil\/\">\n\t\t\t\t\t\t\t<img loading=\"lazy\" decoding=\"async\" width=\"1153\" height=\"750\" src=\"https:\/\/msnacif.med.br\/home\/wp-content\/uploads\/2025\/12\/Imagem-do-WhatsApp-de-2025-12-01-as-14.29.00_254cbdeb.jpg\" class=\"attachment-full size-full wp-image-543\" alt=\"\" srcset=\"https:\/\/msnacif.med.br\/home\/wp-content\/uploads\/2025\/12\/Imagem-do-WhatsApp-de-2025-12-01-as-14.29.00_254cbdeb.jpg 1153w, https:\/\/msnacif.med.br\/home\/wp-content\/uploads\/2025\/12\/Imagem-do-WhatsApp-de-2025-12-01-as-14.29.00_254cbdeb-300x195.jpg 300w, https:\/\/msnacif.med.br\/home\/wp-content\/uploads\/2025\/12\/Imagem-do-WhatsApp-de-2025-12-01-as-14.29.00_254cbdeb-1024x666.jpg 1024w, https:\/\/msnacif.med.br\/home\/wp-content\/uploads\/2025\/12\/Imagem-do-WhatsApp-de-2025-12-01-as-14.29.00_254cbdeb-768x500.jpg 768w\" sizes=\"(max-width: 1153px) 100vw, 1153px\" \/>\t\t\t\t\t\t\t\t<\/a>\n\t\t\t\t\t\t\t\t\t\t\t\t\t\t\t<\/div>\n\t\t\t\t<\/div>\n\t\t\t\t<div class=\"elementor-element elementor-element-004f866 elementor-widget elementor-widget-theme-post-title elementor-page-title elementor-widget-heading\" data-id=\"004f866\" data-element_type=\"widget\" data-widget_type=\"theme-post-title.default\">\n\t\t\t\t<div class=\"elementor-widget-container\">\n\t\t\t\t\t<h1 class=\"elementor-heading-title elementor-size-default\"><a href=\"https:\/\/msnacif.med.br\/home\/magem-cardiovascular-sbc-e-cbr-publicam-a-diretriz-2024-estabelecendo-o-padrao-ouro-para-tc-e-rmc-no-brasil\/\">IMAGEM CARDIOVASCULAR: SBC e CBR Publicam a Diretriz 2024, Estabelecendo o Padr\u00e3o Ouro para TC e RMC no Brasil<\/a><\/h1>\t\t\t\t<\/div>\n\t\t\t\t<\/div>\n\t\t\t\t<div class=\"elementor-element elementor-element-107d8f1 elementor-widget elementor-widget-theme-post-excerpt\" data-id=\"107d8f1\" data-element_type=\"widget\" data-widget_type=\"theme-post-excerpt.default\">\n\t\t\t\t<div class=\"elementor-widget-container\">\n\t\t\t\t\tEste documento representa um marco para a cardiologia e a radiologia, oferecendo as recomenda\u00e7\u00f5es cient\u00edficas mais atualizadas (Classes de Recomenda\u00e7\u00e3o e N\u00edveis de Evid\u00eancia) para a aplica\u00e7\u00e3o cl\u00ednica da Tomografia Computadorizada (TC) e da Resson\u00e2ncia Magn\u00e9tica Cardiovascular (RMC).\t\t\t\t<\/div>\n\t\t\t\t<\/div>\n\t\t\t\t<div class=\"elementor-element elementor-element-6cc3a7c elementor-align-right elementor-widget elementor-widget-button\" data-id=\"6cc3a7c\" data-element_type=\"widget\" data-widget_type=\"button.default\">\n\t\t\t\t<div class=\"elementor-widget-container\">\n\t\t\t\t\t\t\t\t\t<div class=\"elementor-button-wrapper\">\n\t\t\t\t\t<a class=\"elementor-button elementor-button-link elementor-size-sm\" href=\"https:\/\/msnacif.med.br\/home\/magem-cardiovascular-sbc-e-cbr-publicam-a-diretriz-2024-estabelecendo-o-padrao-ouro-para-tc-e-rmc-no-brasil\/\">\n\t\t\t\t\t\t<span class=\"elementor-button-content-wrapper\">\n\t\t\t\t\t\t<span class=\"elementor-button-icon\">\n\t\t\t\t<i aria-hidden=\"true\" class=\"jki jki-right-arrow-8\"><\/i>\t\t\t<\/span>\n\t\t\t\t\t\t\t\t\t<span class=\"elementor-button-text\">Ver Mais<\/span>\n\t\t\t\t\t<\/span>\n\t\t\t\t\t<\/a>\n\t\t\t\t<\/div>\n\t\t\t\t\t\t\t\t<\/div>\n\t\t\t\t<\/div>\n\t\t\t\t\t<\/div>\n\t\t\t\t<\/div>\n\t\t\t\t<\/div>\n\t\t\t\t<\/div>\n\t\t\n\t\t\t\t\t\t<\/div>\n\t\t\t\t<\/div>\n\t\t\t\t\t<\/div>\n\t\t\t\t<\/div>\n\t\t\t\t<\/div>\n\t\t","protected":false},"excerpt":{"rendered":"<p>BLOG<\/p>\n","protected":false},"author":2,"featured_media":0,"parent":0,"menu_order":0,"comment_status":"closed","ping_status":"closed","template":"elementor_header_footer","meta":{"_joinchat":[],"footnotes":""},"class_list":["post-590","page","type-page","status-publish","hentry"],"yoast_head":"<!-- This site is optimized with the Yoast SEO plugin v27.1.1 - https:\/\/yoast.com\/product\/yoast-seo-wordpress\/ -->\n<title>Blog - Dr. Marcelo Nacif<\/title>\n<meta name=\"robots\" content=\"index, follow, max-snippet:-1, max-image-preview:large, max-video-preview:-1\" \/>\n<link rel=\"canonical\" href=\"https:\/\/msnacif.med.br\/home\/blog\/\" \/>\n<meta property=\"og:locale\" content=\"pt_BR\" \/>\n<meta property=\"og:type\" content=\"article\" \/>\n<meta property=\"og:title\" content=\"Blog - Dr. Marcelo Nacif\" \/>\n<meta property=\"og:description\" content=\"BLOG\" \/>\n<meta property=\"og:url\" content=\"https:\/\/msnacif.med.br\/home\/blog\/\" \/>\n<meta property=\"og:site_name\" content=\"Dr. Marcelo Nacif\" \/>\n<meta property=\"article:modified_time\" content=\"2026-03-04T22:02:49+00:00\" \/>\n<meta name=\"twitter:card\" content=\"summary_large_image\" \/>\n<meta name=\"twitter:label1\" content=\"Est. tempo de leitura\" \/>\n\t<meta name=\"twitter:data1\" content=\"4 minutos\" \/>\n<script type=\"application\/ld+json\" class=\"yoast-schema-graph\">{\"@context\":\"https:\/\/schema.org\",\"@graph\":[{\"@type\":\"WebPage\",\"@id\":\"https:\/\/msnacif.med.br\/home\/blog\/\",\"url\":\"https:\/\/msnacif.med.br\/home\/blog\/\",\"name\":\"Blog - Dr. Marcelo Nacif\",\"isPartOf\":{\"@id\":\"https:\/\/msnacif.med.br\/home\/#website\"},\"datePublished\":\"2026-01-19T18:22:52+00:00\",\"dateModified\":\"2026-03-04T22:02:49+00:00\",\"breadcrumb\":{\"@id\":\"https:\/\/msnacif.med.br\/home\/blog\/#breadcrumb\"},\"inLanguage\":\"pt-BR\",\"potentialAction\":[{\"@type\":\"ReadAction\",\"target\":[\"https:\/\/msnacif.med.br\/home\/blog\/\"]}]},{\"@type\":\"BreadcrumbList\",\"@id\":\"https:\/\/msnacif.med.br\/home\/blog\/#breadcrumb\",\"itemListElement\":[{\"@type\":\"ListItem\",\"position\":1,\"name\":\"In\u00edcio\",\"item\":\"https:\/\/msnacif.med.br\/home\/\"},{\"@type\":\"ListItem\",\"position\":2,\"name\":\"Blog\"}]},{\"@type\":\"WebSite\",\"@id\":\"https:\/\/msnacif.med.br\/home\/#website\",\"url\":\"https:\/\/msnacif.med.br\/home\/\",\"name\":\"Dr. Marcelo Nacif\",\"description\":\"Especialista em Diagn\u00f3stico por Imagem\",\"publisher\":{\"@id\":\"https:\/\/msnacif.med.br\/home\/#organization\"},\"potentialAction\":[{\"@type\":\"SearchAction\",\"target\":{\"@type\":\"EntryPoint\",\"urlTemplate\":\"https:\/\/msnacif.med.br\/home\/?s={search_term_string}\"},\"query-input\":{\"@type\":\"PropertyValueSpecification\",\"valueRequired\":true,\"valueName\":\"search_term_string\"}}],\"inLanguage\":\"pt-BR\"},{\"@type\":\"Organization\",\"@id\":\"https:\/\/msnacif.med.br\/home\/#organization\",\"name\":\"Dr. Marcelo Nacif\",\"url\":\"https:\/\/msnacif.med.br\/home\/\",\"logo\":{\"@type\":\"ImageObject\",\"inLanguage\":\"pt-BR\",\"@id\":\"https:\/\/msnacif.med.br\/home\/#\/schema\/logo\/image\/\",\"url\":\"https:\/\/msnacif.med.br\/home\/wp-content\/uploads\/2025\/03\/logoMN.png\",\"contentUrl\":\"https:\/\/msnacif.med.br\/home\/wp-content\/uploads\/2025\/03\/logoMN.png\",\"width\":224,\"height\":148,\"caption\":\"Dr. Marcelo Nacif\"},\"image\":{\"@id\":\"https:\/\/msnacif.med.br\/home\/#\/schema\/logo\/image\/\"},\"sameAs\":[\"https:\/\/www.instagram.com\/msnacif\/\"]}]}<\/script>\n<!-- \/ Yoast SEO plugin. -->","yoast_head_json":{"title":"Blog - Dr. Marcelo Nacif","robots":{"index":"index","follow":"follow","max-snippet":"max-snippet:-1","max-image-preview":"max-image-preview:large","max-video-preview":"max-video-preview:-1"},"canonical":"https:\/\/msnacif.med.br\/home\/blog\/","og_locale":"pt_BR","og_type":"article","og_title":"Blog - Dr. Marcelo Nacif","og_description":"BLOG","og_url":"https:\/\/msnacif.med.br\/home\/blog\/","og_site_name":"Dr. Marcelo Nacif","article_modified_time":"2026-03-04T22:02:49+00:00","twitter_card":"summary_large_image","twitter_misc":{"Est. tempo de leitura":"4 minutos"},"schema":{"@context":"https:\/\/schema.org","@graph":[{"@type":"WebPage","@id":"https:\/\/msnacif.med.br\/home\/blog\/","url":"https:\/\/msnacif.med.br\/home\/blog\/","name":"Blog - Dr. Marcelo Nacif","isPartOf":{"@id":"https:\/\/msnacif.med.br\/home\/#website"},"datePublished":"2026-01-19T18:22:52+00:00","dateModified":"2026-03-04T22:02:49+00:00","breadcrumb":{"@id":"https:\/\/msnacif.med.br\/home\/blog\/#breadcrumb"},"inLanguage":"pt-BR","potentialAction":[{"@type":"ReadAction","target":["https:\/\/msnacif.med.br\/home\/blog\/"]}]},{"@type":"BreadcrumbList","@id":"https:\/\/msnacif.med.br\/home\/blog\/#breadcrumb","itemListElement":[{"@type":"ListItem","position":1,"name":"In\u00edcio","item":"https:\/\/msnacif.med.br\/home\/"},{"@type":"ListItem","position":2,"name":"Blog"}]},{"@type":"WebSite","@id":"https:\/\/msnacif.med.br\/home\/#website","url":"https:\/\/msnacif.med.br\/home\/","name":"Dr. Marcelo Nacif","description":"Especialista em Diagn\u00f3stico por Imagem","publisher":{"@id":"https:\/\/msnacif.med.br\/home\/#organization"},"potentialAction":[{"@type":"SearchAction","target":{"@type":"EntryPoint","urlTemplate":"https:\/\/msnacif.med.br\/home\/?s={search_term_string}"},"query-input":{"@type":"PropertyValueSpecification","valueRequired":true,"valueName":"search_term_string"}}],"inLanguage":"pt-BR"},{"@type":"Organization","@id":"https:\/\/msnacif.med.br\/home\/#organization","name":"Dr. Marcelo Nacif","url":"https:\/\/msnacif.med.br\/home\/","logo":{"@type":"ImageObject","inLanguage":"pt-BR","@id":"https:\/\/msnacif.med.br\/home\/#\/schema\/logo\/image\/","url":"https:\/\/msnacif.med.br\/home\/wp-content\/uploads\/2025\/03\/logoMN.png","contentUrl":"https:\/\/msnacif.med.br\/home\/wp-content\/uploads\/2025\/03\/logoMN.png","width":224,"height":148,"caption":"Dr. Marcelo Nacif"},"image":{"@id":"https:\/\/msnacif.med.br\/home\/#\/schema\/logo\/image\/"},"sameAs":["https:\/\/www.instagram.com\/msnacif\/"]}]}},"_links":{"self":[{"href":"https:\/\/msnacif.med.br\/home\/wp-json\/wp\/v2\/pages\/590","targetHints":{"allow":["GET"]}}],"collection":[{"href":"https:\/\/msnacif.med.br\/home\/wp-json\/wp\/v2\/pages"}],"about":[{"href":"https:\/\/msnacif.med.br\/home\/wp-json\/wp\/v2\/types\/page"}],"author":[{"embeddable":true,"href":"https:\/\/msnacif.med.br\/home\/wp-json\/wp\/v2\/users\/2"}],"replies":[{"embeddable":true,"href":"https:\/\/msnacif.med.br\/home\/wp-json\/wp\/v2\/comments?post=590"}],"version-history":[{"count":13,"href":"https:\/\/msnacif.med.br\/home\/wp-json\/wp\/v2\/pages\/590\/revisions"}],"predecessor-version":[{"id":680,"href":"https:\/\/msnacif.med.br\/home\/wp-json\/wp\/v2\/pages\/590\/revisions\/680"}],"wp:attachment":[{"href":"https:\/\/msnacif.med.br\/home\/wp-json\/wp\/v2\/media?parent=590"}],"curies":[{"name":"wp","href":"https:\/\/api.w.org\/{rel}","templated":true}]}}